{"id":7568,"date":"2025-12-28T16:17:41","date_gmt":"2025-12-28T15:17:41","guid":{"rendered":"https:\/\/fehrsschule.de\/ders-muefredatlari\/spor-dersleri-muefredati\/"},"modified":"2026-01-23T07:51:45","modified_gmt":"2026-01-23T06:51:45","slug":"spor-dersleri-muefredati","status":"publish","type":"page","link":"https:\/\/fehrsschule.de\/tr\/ders-muefredatlari\/spor-dersleri-muefredati\/","title":{"rendered":"Spor dersleri m\u00fcfredat\u0131"},"content":{"rendered":"\t\t<div data-elementor-type=\"wp-page\" data-elementor-id=\"7568\" class=\"elementor elementor-7568 elementor-5646\" data-elementor-post-type=\"page\">\n\t\t\t\t<div class=\"elementor-element elementor-element-c7d4461 e-flex e-con-boxed e-con e-parent\" data-id=\"c7d4461\" data-element_type=\"container\" data-e-type=\"container\">\n\t\t\t\t\t<div class=\"e-con-inner\">\n\t\t<div class=\"elementor-element elementor-element-778f6f2 e-con-full e-flex e-con e-child\" data-id=\"778f6f2\" data-element_type=\"container\" data-e-type=\"container\" data-settings=\"{&quot;background_background&quot;:&quot;classic&quot;}\">\n\t\t\t\t<div class=\"elementor-element elementor-element-9e68cc6 titlebg elementor-widget elementor-widget-heading\" data-id=\"9e68cc6\" data-element_type=\"widget\" data-e-type=\"widget\" data-widget_type=\"heading.default\">\n\t\t\t\t\t<h1 class=\"elementor-heading-title elementor-size-default\"><span>Spor dersleri m\u00fcfredat\u0131<\/span><\/h1>\t\t\t\t<\/div>\n\t\t\t\t<\/div>\n\t\t\t\t\t<\/div>\n\t\t\t\t<\/div>\n\t\t<div class=\"elementor-element elementor-element-dac0803 e-flex e-con-boxed e-con e-parent\" data-id=\"dac0803\" data-element_type=\"container\" data-e-type=\"container\">\n\t\t\t\t\t<div class=\"e-con-inner\">\n\t\t\t\t<div class=\"elementor-element elementor-element-8da2141 elementor-widget elementor-widget-heading\" data-id=\"8da2141\" data-element_type=\"widget\" data-e-type=\"widget\" data-widget_type=\"heading.default\">\n\t\t\t\t\t<h2 class=\"elementor-heading-title elementor-size-default\">Johann-Hinrich-Fehrs-Okulu'nda spor<\/h2>\t\t\t\t<\/div>\n\t\t\t\t<div class=\"elementor-element elementor-element-4eb01c1 elementor-widget-divider--view-line elementor-widget elementor-widget-divider\" data-id=\"4eb01c1\" data-element_type=\"widget\" data-e-type=\"widget\" data-widget_type=\"divider.default\">\n\t\t\t\t\t\t\t<div class=\"elementor-divider\">\n\t\t\t<span class=\"elementor-divider-separator\">\n\t\t\t\t\t\t<\/span>\n\t\t<\/div>\n\t\t\t\t\t\t<\/div>\n\t\t\t\t<div class=\"elementor-element elementor-element-241e46d elementor-widget elementor-widget-text-editor\" data-id=\"241e46d\" data-element_type=\"widget\" data-e-type=\"widget\" data-widget_type=\"text-editor.default\">\n\t\t\t\t\t\t\t\t\t<p>Johann-Hinrich-Fehrs-Okulu&#8217;ndaki spor dersleri, \u00f6\u011frencilerin fiziksel, sosyal ve ki\u015fisel geli\u015fimine \u00f6nemli bir katk\u0131 sa\u011flamaktad\u0131r. Hareket, oyun ve spor, \u00e7ocuklar\u0131n v\u00fccutlar\u0131n\u0131 bilin\u00e7li olarak alg\u0131lamalar\u0131n\u0131, motor becerilerini geli\u015ftirmelerini ve performans, i\u015fbirli\u011fi ve adaletle ilgili olumlu deneyimler edinmelerini sa\u011flar. <\/p><p>Dersler, Schleswig-Holstein&#8217;daki ilk\u00f6\u011fretim i\u00e7in spor uzmanl\u0131k gereksinimlerine g\u00f6re d\u00fczenlenir ve yedi merkezi hareket alan\u0131na ayr\u0131lm\u0131\u015ft\u0131r. Ama\u00e7, kapsaml\u0131 bir sportif eylem yetkinli\u011fi kazanmak ve ya\u015fam boyu spor yapmaya kar\u015f\u0131 olumlu bir tutum geli\u015ftirmektir.<\/p><p><a href=\"https:\/\/fehrsschule.de\/wp-content\/uploads\/2025\/09\/FachcurriculumSport.pdf\" target=\"_blank\" rel=\"noopener\"><em><strong>Spor dersleri m\u00fcfredat\u0131n\u0131 PDF olarak indirin<\/strong><\/em><\/a><\/p>\t\t\t\t\t\t\t\t<\/div>\n\t\t\t\t\t<\/div>\n\t\t\t\t<\/div>\n\t\t<div class=\"elementor-element elementor-element-55ff22b e-flex e-con-boxed e-con e-parent\" data-id=\"55ff22b\" data-element_type=\"container\" data-e-type=\"container\">\n\t\t\t\t\t<div class=\"e-con-inner\">\n\t\t\t\t<div class=\"elementor-element elementor-element-f25db2e elementor-widget elementor-widget-text-editor\" data-id=\"f25db2e\" data-element_type=\"widget\" data-e-type=\"widget\" data-widget_type=\"text-editor.default\">\n\t\t\t\t\t\t\t\t\t<h2>Merkezi i\u00e7erikler ve odak noktalar\u0131<\/h2><p>Spor dersleri yedi hareket alan\u0131n\u0131n tamam\u0131n\u0131 kapsar ve ya\u015fa uygun, e\u011flenceli ve giderek yetkinlik odakl\u0131 bir \u015fekilde yap\u0131land\u0131r\u0131lm\u0131\u015ft\u0131r:<\/p><p><strong>Oyun<\/strong><\/p><ul><li>k\u00fc\u00e7\u00fck ve b\u00fcy\u00fck spor oyunlar\u0131<\/li><li>i\u015fbirlik\u00e7i oyunlar ve tak\u0131m oyunlar\u0131<\/li><li>adalet, kural bilinci ve tak\u0131m \u00e7al\u0131\u015fmas\u0131 becerilerinin geli\u015ftirilmesi<\/li><\/ul><p><strong><br>Jimnastik<\/strong><\/p><ul><li>temel jimnastik hareket bi\u00e7imleri<\/li><li>yuvarlanma, z\u0131plama, dengeleme, t\u0131rmanma<\/li><li>alet parkurlar\u0131 ve yer jimnasti\u011fi<\/li><\/ul><p><strong><br>Ko\u015fma, z\u0131plama, atma<\/strong><\/p><ul><li>hafif atletizm temel bi\u00e7imleri<\/li><li>dayan\u0131kl\u0131l\u0131k, h\u0131z ve koordinasyon<\/li><li>sportif yar\u0131\u015fmalara haz\u0131rl\u0131k ve kat\u0131l\u0131m<\/li><\/ul><p><strong><br>Y\u00fczme<\/strong><\/p><ul><li>suya al\u0131\u015fma ve suda g\u00fcvenlik<\/li><li>temel y\u00fczme tekniklerini \u00f6\u011frenme<\/li><li>y\u00fczme rozetleri edinme<\/li><\/ul><p><strong><br>Ritmikle\u015ftirme, \u015fekillendirme, dans etme<\/strong><\/p><ul><li>m\u00fczikle hareket<\/li><li>ritmik ve dansl\u0131 tasar\u0131m<\/li><li>hareket bi\u00e7imlerinin ifadesi ve sunumu<\/li><\/ul><p><strong><br>D\u00f6v\u00fc\u015fme ve g\u00fcre\u015fme<\/strong><\/p><ul><li>oyunlu ikili m\u00fccadele bi\u00e7imleri<\/li><li>kendi s\u0131n\u0131rlar\u0131n\u0131 alg\u0131lama<\/li><li>adalet, kural kabul\u00fc ve \u00f6z denetim<\/li><\/ul><p><strong><br>Yuvarlanma, kayma, s\u00fcrme<\/strong><\/p><ul><li>tekerlekli ve s\u00fcr\u00fc\u015f cihazlar\u0131yla ba\u015fa \u00e7\u0131kma (\u00f6rn. kaykay, paten)<\/li><li>g\u00fcvenlik, denge ve koordinasyon<\/li><li>hareket alan\u0131nda sorumluluk sahibi davran\u0131\u015f<\/li><\/ul><h2>Hareket ve deneyim yoluyla \u00f6\u011frenme<\/h2><p>Spor dersleri eylem ve deneyim odakl\u0131d\u0131r. \u00c7ocuklar, \u00e7o\u011funlukla e\u011flenceli bir \u015fekilde \u00e7e\u015fitli hareket deneyimleri edinirler. Bu s\u0131rada hem motor beceriler hem de sosyal ve ki\u015fisel yetkinlikler, \u00f6rne\u011fin a\u015fa\u011f\u0131daki gibi hedeflenerek desteklenir:  <\/p><ul><li>\u0130\u015fbirli\u011fi ve ileti\u015fim<\/li><li>Sorumluluk bilinci<\/li><li>Ba\u015far\u0131 ve ba\u015far\u0131s\u0131zl\u0131kla ba\u015fa \u00e7\u0131kma<\/li><li>\u00d6zg\u00fcven ve azim<\/li><\/ul><p>Hareket ayr\u0131ca, di\u011ferlerinin yan\u0131 s\u0131ra hareket zamanlar\u0131, spor kul\u00fcpleri, ko\u015fu g\u00fcnleri, Federal Gen\u00e7lik Oyunlar\u0131 ve okul sporlar\u0131 yar\u0131\u015fmalar\u0131 arac\u0131l\u0131\u011f\u0131yla okul ya\u015fam\u0131na s\u0131k\u0131ca yerle\u015fmi\u015ftir.<\/p><h2>Farkl\u0131la\u015ft\u0131rma, g\u00fcvenlik ve de\u011ferlendirme<\/h2><p>Spor dersleri, \u00e7ocuklar\u0131n farkl\u0131 fiziksel ko\u015fullar\u0131n\u0131 dikkate al\u0131r:<\/p><ul><li>bireysel y\u00fck y\u00f6netimi<\/li><li>uyarlanm\u0131\u015f g\u00f6rev tan\u0131mlar\u0131<\/li><li>farkl\u0131la\u015ft\u0131r\u0131lm\u0131\u015f oyun ve egzersiz bi\u00e7imleri<\/li><\/ul><p>G\u00fcvenlik, kural bilinci ve kar\u015f\u0131l\u0131kl\u0131 sayg\u0131 her zaman y\u00fcksek bir \u00f6nceli\u011fe sahiptir. Performans de\u011ferlendirmesi \u00f6ncelikle aktif kat\u0131l\u0131m, ki\u015fisel \u00f6\u011frenme ilerlemesi ve dersteki sosyal davran\u0131\u015fa odaklan\u0131r. <\/p><h2>Spor derslerinin amac\u0131<\/h2><p>Ama\u00e7, \u00f6\u011frencilerin hareketten keyif almalar\u0131n\u0131, fiziksel yeteneklerini g\u00fc\u00e7lendirmelerini ve sportif etkile\u015fimde adil, sorumluluk sahibi ve ba\u011f\u0131ms\u0131z hareket etmeyi \u00f6\u011frenmelerini sa\u011flamakt\u0131r &#8211; sa\u011fl\u0131k, esenlik ve ya\u015fam boyu hareket keyfi i\u00e7in bir temel olarak.<\/p><p> <\/p>\t\t\t\t\t\t\t\t<\/div>\n\t\t\t\t\t<\/div>\n\t\t\t\t<\/div>\n\t\t<div class=\"elementor-element elementor-element-ecfbff7 e-flex e-con-boxed e-con e-parent\" data-id=\"ecfbff7\" data-element_type=\"container\" data-e-type=\"container\">\n\t\t\t\t\t<div class=\"e-con-inner\">\n\t\t\t\t<div class=\"elementor-element elementor-element-886dcc8 elementor-widget elementor-widget-shortcode\" data-id=\"886dcc8\" data-element_type=\"widget\" data-e-type=\"widget\" data-widget_type=\"shortcode.default\">\n\t\t\t\t\t\t\t<div class=\"elementor-shortcode\">\t\t<div data-elementor-type=\"container\" data-elementor-id=\"6914\" class=\"elementor elementor-6914 elementor-5610 elementor-5610\" data-elementor-post-type=\"elementor_library\">\n\t\t\t\t<div class=\"elementor-element elementor-element-5c5ef64 e-flex e-con-boxed e-con e-parent\" data-id=\"5c5ef64\" data-element_type=\"container\" data-e-type=\"container\">\n\t\t\t\t\t<div class=\"e-con-inner\">\n\t\t<div class=\"elementor-element elementor-element-9d1a262 e-con-full e-flex e-con e-child\" data-id=\"9d1a262\" data-element_type=\"container\" data-e-type=\"container\">\n\t\t\t\t<div class=\"elementor-element elementor-element-18bf6f4 elementor-widget elementor-widget-image\" data-id=\"18bf6f4\" data-element_type=\"widget\" data-e-type=\"widget\" data-widget_type=\"image.default\">\n\t\t\t\t\t\t\t\t\t\t\t\t<figure class=\"wp-caption\">\n\t\t\t\t\t\t\t\t\t\t\t<a href=\"https:\/\/fehrsschule.de\/fachcurricula\/fachcurricula-deutsch\/\">\n\t\t\t\t\t\t\t<img fetchpriority=\"high\" decoding=\"async\" width=\"512\" height=\"512\" src=\"https:\/\/fehrsschule.de\/wp-content\/uploads\/2025\/12\/Deutsch.png\" class=\"attachment-full size-full wp-image-6592\" alt=\"Fachcurriculum f\u00fcr den Deutschunterricht\" srcset=\"https:\/\/fehrsschule.de\/wp-content\/uploads\/2025\/12\/Deutsch.png 512w, https:\/\/fehrsschule.de\/wp-content\/uploads\/2025\/12\/Deutsch-300x300.png 300w, https:\/\/fehrsschule.de\/wp-content\/uploads\/2025\/12\/Deutsch-150x150.png 150w\" sizes=\"(max-width: 512px) 100vw, 512px\" \/>\t\t\t\t\t\t\t\t<\/a>\n\t\t\t\t\t\t\t\t\t\t\t<figcaption class=\"widget-image-caption wp-caption-text\">Almanca<\/figcaption>\n\t\t\t\t\t\t\t\t\t\t<\/figure>\n\t\t\t\t\t\t\t\t\t<\/div>\n\t\t\t\t<\/div>\n\t\t<div class=\"elementor-element elementor-element-4f1b702 e-con-full e-flex e-con e-child\" data-id=\"4f1b702\" data-element_type=\"container\" data-e-type=\"container\">\n\t\t\t\t<div class=\"elementor-element elementor-element-2c48414 elementor-widget elementor-widget-image\" data-id=\"2c48414\" data-element_type=\"widget\" data-e-type=\"widget\" data-widget_type=\"image.default\">\n\t\t\t\t\t\t\t\t\t\t\t\t<figure class=\"wp-caption\">\n\t\t\t\t\t\t\t\t\t\t\t<a href=\"https:\/\/fehrsschule.de\/fachcurricula\/fachcurricula-mathematik\/\">\n\t\t\t\t\t\t\t<img decoding=\"async\" width=\"512\" height=\"512\" src=\"https:\/\/fehrsschule.de\/wp-content\/uploads\/2025\/12\/Mathematik.png\" class=\"attachment-full size-full wp-image-6591\" alt=\"Fachcurriculum f\u00fcr Mathematik Unterricht\" srcset=\"https:\/\/fehrsschule.de\/wp-content\/uploads\/2025\/12\/Mathematik.png 512w, https:\/\/fehrsschule.de\/wp-content\/uploads\/2025\/12\/Mathematik-300x300.png 300w, https:\/\/fehrsschule.de\/wp-content\/uploads\/2025\/12\/Mathematik-150x150.png 150w\" sizes=\"(max-width: 512px) 100vw, 512px\" \/>\t\t\t\t\t\t\t\t<\/a>\n\t\t\t\t\t\t\t\t\t\t\t<figcaption class=\"widget-image-caption wp-caption-text\">Matematik<\/figcaption>\n\t\t\t\t\t\t\t\t\t\t<\/figure>\n\t\t\t\t\t\t\t\t\t<\/div>\n\t\t\t\t<\/div>\n\t\t<div class=\"elementor-element elementor-element-ef17676 e-con-full e-flex e-con e-child\" data-id=\"ef17676\" data-element_type=\"container\" data-e-type=\"container\">\n\t\t\t\t<div class=\"elementor-element elementor-element-5c927a9 elementor-widget elementor-widget-image\" data-id=\"5c927a9\" data-element_type=\"widget\" data-e-type=\"widget\" data-widget_type=\"image.default\">\n\t\t\t\t\t\t\t\t\t\t\t\t<figure class=\"wp-caption\">\n\t\t\t\t\t\t\t\t\t\t\t<a href=\"https:\/\/fehrsschule.de\/fachcurricula\/fachcurricula-sachunterricht-su\/\">\n\t\t\t\t\t\t\t<img decoding=\"async\" width=\"512\" height=\"512\" src=\"https:\/\/fehrsschule.de\/wp-content\/uploads\/2025\/12\/Sachunterricht.png\" class=\"attachment-full size-full wp-image-6594\" alt=\"f\u00fcr den Sachunterricht\" srcset=\"https:\/\/fehrsschule.de\/wp-content\/uploads\/2025\/12\/Sachunterricht.png 512w, https:\/\/fehrsschule.de\/wp-content\/uploads\/2025\/12\/Sachunterricht-300x300.png 300w, https:\/\/fehrsschule.de\/wp-content\/uploads\/2025\/12\/Sachunterricht-150x150.png 150w\" sizes=\"(max-width: 512px) 100vw, 512px\" \/>\t\t\t\t\t\t\t\t<\/a>\n\t\t\t\t\t\t\t\t\t\t\t<figcaption class=\"widget-image-caption wp-caption-text\">Bilim<\/figcaption>\n\t\t\t\t\t\t\t\t\t\t<\/figure>\n\t\t\t\t\t\t\t\t\t<\/div>\n\t\t\t\t<\/div>\n\t\t<div class=\"elementor-element elementor-element-45ea368 e-con-full e-flex e-con e-child\" data-id=\"45ea368\" data-element_type=\"container\" data-e-type=\"container\">\n\t\t\t\t<div class=\"elementor-element elementor-element-24a8502 elementor-widget elementor-widget-image\" data-id=\"24a8502\" data-element_type=\"widget\" data-e-type=\"widget\" data-widget_type=\"image.default\">\n\t\t\t\t\t\t\t\t\t\t\t\t<figure class=\"wp-caption\">\n\t\t\t\t\t\t\t\t\t\t\t<a href=\"https:\/\/fehrsschule.de\/fachcurricula\/fachcurricula-musik\/\">\n\t\t\t\t\t\t\t<img loading=\"lazy\" decoding=\"async\" width=\"512\" height=\"512\" src=\"https:\/\/fehrsschule.de\/wp-content\/uploads\/2025\/12\/Musik.png\" class=\"attachment-full size-full wp-image-6593\" alt=\"Fachcurriculum f\u00fcr den Musikunterricht\" srcset=\"https:\/\/fehrsschule.de\/wp-content\/uploads\/2025\/12\/Musik.png 512w, https:\/\/fehrsschule.de\/wp-content\/uploads\/2025\/12\/Musik-300x300.png 300w, https:\/\/fehrsschule.de\/wp-content\/uploads\/2025\/12\/Musik-150x150.png 150w\" sizes=\"(max-width: 512px) 100vw, 512px\" \/>\t\t\t\t\t\t\t\t<\/a>\n\t\t\t\t\t\t\t\t\t\t\t<figcaption class=\"widget-image-caption wp-caption-text\">M\u00fczik<\/figcaption>\n\t\t\t\t\t\t\t\t\t\t<\/figure>\n\t\t\t\t\t\t\t\t\t<\/div>\n\t\t\t\t<\/div>\n\t\t<div class=\"elementor-element elementor-element-169c3b7 e-con-full e-flex e-con e-child\" data-id=\"169c3b7\" data-element_type=\"container\" data-e-type=\"container\">\n\t\t\t\t<div class=\"elementor-element elementor-element-2dc016e elementor-widget elementor-widget-image\" data-id=\"2dc016e\" data-element_type=\"widget\" data-e-type=\"widget\" data-widget_type=\"image.default\">\n\t\t\t\t\t\t\t\t\t\t\t\t<figure class=\"wp-caption\">\n\t\t\t\t\t\t\t\t\t\t\t<a href=\"https:\/\/fehrsschule.de\/fachcurricula\/fachcurricula-sportunterricht\/\">\n\t\t\t\t\t\t\t<img loading=\"lazy\" decoding=\"async\" width=\"512\" height=\"512\" src=\"https:\/\/fehrsschule.de\/wp-content\/uploads\/2025\/12\/Sport.png\" class=\"attachment-full size-full wp-image-6595\" alt=\"Fachcurriculum f\u00fcr den Sportunterricht\" srcset=\"https:\/\/fehrsschule.de\/wp-content\/uploads\/2025\/12\/Sport.png 512w, https:\/\/fehrsschule.de\/wp-content\/uploads\/2025\/12\/Sport-300x300.png 300w, https:\/\/fehrsschule.de\/wp-content\/uploads\/2025\/12\/Sport-150x150.png 150w\" sizes=\"(max-width: 512px) 100vw, 512px\" \/>\t\t\t\t\t\t\t\t<\/a>\n\t\t\t\t\t\t\t\t\t\t\t<figcaption class=\"widget-image-caption wp-caption-text\">Spor<\/figcaption>\n\t\t\t\t\t\t\t\t\t\t<\/figure>\n\t\t\t\t\t\t\t\t\t<\/div>\n\t\t\t\t<\/div>\n\t\t<div class=\"elementor-element elementor-element-d9aef37 e-con-full e-flex e-con e-child\" data-id=\"d9aef37\" data-element_type=\"container\" data-e-type=\"container\">\n\t\t\t\t<div class=\"elementor-element elementor-element-1cf6eb7 elementor-widget elementor-widget-image\" data-id=\"1cf6eb7\" data-element_type=\"widget\" data-e-type=\"widget\" data-widget_type=\"image.default\">\n\t\t\t\t\t\t\t\t\t\t\t\t<figure class=\"wp-caption\">\n\t\t\t\t\t\t\t\t\t\t\t<a href=\"https:\/\/fehrsschule.de\/fachcurricula\/fachcurricula-kunstunterricht\/\">\n\t\t\t\t\t\t\t<img loading=\"lazy\" decoding=\"async\" width=\"512\" height=\"512\" src=\"https:\/\/fehrsschule.de\/wp-content\/uploads\/2025\/12\/Kunst.png\" class=\"attachment-full size-full wp-image-6596\" alt=\"Fachcurriculum f\u00fcr den Kunstunterricht\" srcset=\"https:\/\/fehrsschule.de\/wp-content\/uploads\/2025\/12\/Kunst.png 512w, https:\/\/fehrsschule.de\/wp-content\/uploads\/2025\/12\/Kunst-300x300.png 300w, https:\/\/fehrsschule.de\/wp-content\/uploads\/2025\/12\/Kunst-150x150.png 150w\" sizes=\"(max-width: 512px) 100vw, 512px\" \/>\t\t\t\t\t\t\t\t<\/a>\n\t\t\t\t\t\t\t\t\t\t\t<figcaption class=\"widget-image-caption wp-caption-text\">Sanat<\/figcaption>\n\t\t\t\t\t\t\t\t\t\t<\/figure>\n\t\t\t\t\t\t\t\t\t<\/div>\n\t\t\t\t<\/div>\n\t\t<div class=\"elementor-element elementor-element-858ffe1 e-con-full e-flex e-con e-child\" data-id=\"858ffe1\" data-element_type=\"container\" data-e-type=\"container\">\n\t\t\t\t<div class=\"elementor-element elementor-element-a83dafa elementor-widget elementor-widget-image\" data-id=\"a83dafa\" data-element_type=\"widget\" data-e-type=\"widget\" data-widget_type=\"image.default\">\n\t\t\t\t\t\t\t\t\t\t\t\t<figure class=\"wp-caption\">\n\t\t\t\t\t\t\t\t\t\t\t<a href=\"https:\/\/fehrsschule.de\/fachcurricula\/fachcurricula-religion\/\">\n\t\t\t\t\t\t\t<img loading=\"lazy\" decoding=\"async\" width=\"512\" height=\"512\" src=\"https:\/\/fehrsschule.de\/wp-content\/uploads\/2025\/12\/Religion.png\" class=\"attachment-full size-full wp-image-6597\" alt=\"Fachcurriculum f\u00fcr Religionsunterricht\" srcset=\"https:\/\/fehrsschule.de\/wp-content\/uploads\/2025\/12\/Religion.png 512w, https:\/\/fehrsschule.de\/wp-content\/uploads\/2025\/12\/Religion-300x300.png 300w, https:\/\/fehrsschule.de\/wp-content\/uploads\/2025\/12\/Religion-150x150.png 150w\" sizes=\"(max-width: 512px) 100vw, 512px\" \/>\t\t\t\t\t\t\t\t<\/a>\n\t\t\t\t\t\t\t\t\t\t\t<figcaption class=\"widget-image-caption wp-caption-text\">M\u00fcfredat Din<\/figcaption>\n\t\t\t\t\t\t\t\t\t\t<\/figure>\n\t\t\t\t\t\t\t\t\t<\/div>\n\t\t\t\t<\/div>\n\t\t\t\t\t<\/div>\n\t\t\t\t<\/div>\n\t\t\t\t<\/div>\n\t\t<\/div>\n\t\t\t\t\t\t<\/div>\n\t\t\t\t\t<\/div>\n\t\t\t\t<\/div>\n\t\t\t\t<\/div>\n\t\t","protected":false},"excerpt":{"rendered":"<p>Johann-Hinrich-Fehrs-Okulu&#8217;nda spor Johann-Hinrich-Fehrs-Okulu&#8217;ndaki spor dersleri, \u00f6\u011frencilerin fiziksel, sosyal ve ki\u015fisel geli\u015fimine \u00f6nemli bir katk\u0131 sa\u011flamaktad\u0131r. Hareket, oyun ve spor, \u00e7ocuklar\u0131n v\u00fccutlar\u0131n\u0131 bilin\u00e7li olarak alg\u0131lamalar\u0131n\u0131, motor becerilerini geli\u015ftirmelerini ve performans, i\u015fbirli\u011fi ve adaletle ilgili olumlu deneyimler edinmelerini sa\u011flar. Dersler, Schleswig-Holstein&#8217;daki ilk\u00f6\u011fretim i\u00e7in spor uzmanl\u0131k gereksinimlerine g\u00f6re d\u00fczenlenir ve yedi merkezi hareket alan\u0131na ayr\u0131lm\u0131\u015ft\u0131r. Ama\u00e7, kapsaml\u0131 bir [&hellip;]<\/p>\n","protected":false},"author":1,"featured_media":0,"parent":6589,"menu_order":4,"comment_status":"closed","ping_status":"closed","template":"","meta":{"footnotes":""},"class_list":["post-7568","page","type-page","status-publish","hentry"],"_links":{"self":[{"href":"https:\/\/fehrsschule.de\/tr\/wp-json\/wp\/v2\/pages\/7568","targetHints":{"allow":["GET"]}}],"collection":[{"href":"https:\/\/fehrsschule.de\/tr\/wp-json\/wp\/v2\/pages"}],"about":[{"href":"https:\/\/fehrsschule.de\/tr\/wp-json\/wp\/v2\/types\/page"}],"author":[{"embeddable":true,"href":"https:\/\/fehrsschule.de\/tr\/wp-json\/wp\/v2\/users\/1"}],"replies":[{"embeddable":true,"href":"https:\/\/fehrsschule.de\/tr\/wp-json\/wp\/v2\/comments?post=7568"}],"version-history":[{"count":0,"href":"https:\/\/fehrsschule.de\/tr\/wp-json\/wp\/v2\/pages\/7568\/revisions"}],"up":[{"embeddable":true,"href":"https:\/\/fehrsschule.de\/tr\/wp-json\/wp\/v2\/pages\/6589"}],"wp:attachment":[{"href":"https:\/\/fehrsschule.de\/tr\/wp-json\/wp\/v2\/media?parent=7568"}],"curies":[{"name":"wp","href":"https:\/\/api.w.org\/{rel}","templated":true}]}}