{"id":7534,"date":"2025-12-28T16:17:41","date_gmt":"2025-12-28T15:17:41","guid":{"rendered":"https:\/\/fehrsschule.de\/curricule-de-specialitate\/curricula-de-specialitate-pentru-educatie-fizica\/"},"modified":"2026-01-23T07:50:35","modified_gmt":"2026-01-23T06:50:35","slug":"curricula-de-specialitate-pentru-educatie-fizica","status":"publish","type":"page","link":"https:\/\/fehrsschule.de\/ro\/curricule-de-specialitate\/curricula-de-specialitate-pentru-educatie-fizica\/","title":{"rendered":"Curricula de specialitate pentru educa\u021bie fizic\u0103"},"content":{"rendered":"\t\t<div data-elementor-type=\"wp-page\" data-elementor-id=\"7534\" class=\"elementor elementor-7534 elementor-5646\" data-elementor-post-type=\"page\">\n\t\t\t\t<div class=\"elementor-element elementor-element-c7d4461 e-flex e-con-boxed e-con e-parent\" data-id=\"c7d4461\" data-element_type=\"container\" data-e-type=\"container\">\n\t\t\t\t\t<div class=\"e-con-inner\">\n\t\t<div class=\"elementor-element elementor-element-778f6f2 e-con-full e-flex e-con e-child\" data-id=\"778f6f2\" data-element_type=\"container\" data-e-type=\"container\" data-settings=\"{&quot;background_background&quot;:&quot;classic&quot;}\">\n\t\t\t\t<div class=\"elementor-element elementor-element-9e68cc6 titlebg elementor-widget elementor-widget-heading\" data-id=\"9e68cc6\" data-element_type=\"widget\" data-e-type=\"widget\" data-widget_type=\"heading.default\">\n\t\t\t\t\t<h1 class=\"elementor-heading-title elementor-size-default\"><span>Curricula de specialitate pentru educa\u021bie fizic\u0103<\/span><\/h1>\t\t\t\t<\/div>\n\t\t\t\t<\/div>\n\t\t\t\t\t<\/div>\n\t\t\t\t<\/div>\n\t\t<div class=\"elementor-element elementor-element-dac0803 e-flex e-con-boxed e-con e-parent\" data-id=\"dac0803\" data-element_type=\"container\" data-e-type=\"container\">\n\t\t\t\t\t<div class=\"e-con-inner\">\n\t\t\t\t<div class=\"elementor-element elementor-element-8da2141 elementor-widget elementor-widget-heading\" data-id=\"8da2141\" data-element_type=\"widget\" data-e-type=\"widget\" data-widget_type=\"heading.default\">\n\t\t\t\t\t<h2 class=\"elementor-heading-title elementor-size-default\">Sportul la \u0218coala Johann-Hinrich-Fehrs<\/h2>\t\t\t\t<\/div>\n\t\t\t\t<div class=\"elementor-element elementor-element-4eb01c1 elementor-widget-divider--view-line elementor-widget elementor-widget-divider\" data-id=\"4eb01c1\" data-element_type=\"widget\" data-e-type=\"widget\" data-widget_type=\"divider.default\">\n\t\t\t\t\t\t\t<div class=\"elementor-divider\">\n\t\t\t<span class=\"elementor-divider-separator\">\n\t\t\t\t\t\t<\/span>\n\t\t<\/div>\n\t\t\t\t\t\t<\/div>\n\t\t\t\t<div class=\"elementor-element elementor-element-241e46d elementor-widget elementor-widget-text-editor\" data-id=\"241e46d\" data-element_type=\"widget\" data-e-type=\"widget\" data-widget_type=\"text-editor.default\">\n\t\t\t\t\t\t\t\t\t<p>Educa\u021bia fizic\u0103 de la \u0218coala Johann-Hinrich-Fehrs aduce o contribu\u021bie important\u0103 la dezvoltarea fizic\u0103, social\u0103 \u0219i personal\u0103 a elevilor. Mi\u0219carea, jocul \u0219i sportul le permit copiilor s\u0103-\u0219i perceap\u0103 corpul \u00een mod con\u0219tient, s\u0103-\u0219i dezvolte abilit\u0103\u021bile motorii \u0219i s\u0103 aib\u0103 experien\u021be pozitive cu performan\u021ba, cooperarea \u0219i corectitudinea. <\/p><p>Lec\u021biile se bazeaz\u0103 pe cerin\u021bele de specialitate pentru sport pentru nivelul primar din Schleswig-Holstein \u0219i sunt structurate \u00een \u0219apte domenii centrale de mi\u0219care. Scopul este dob\u00e2ndirea unei competen\u021be sportive cuprinz\u0103toare, precum \u0219i dezvoltarea unei atitudini pozitive fa\u021b\u0103 de activitatea sportiv\u0103 pe tot parcursul vie\u021bii.<\/p><p><a href=\"https:\/\/fehrsschule.de\/wp-content\/uploads\/2025\/09\/FachcurriculumSport.pdf\" target=\"_blank\" rel=\"noopener\"><em><strong>Descarc\u0103 curriculumul de specialitate pentru educa\u021bie fizic\u0103 \u00een format PDF<\/strong><\/em><\/a><\/p>\t\t\t\t\t\t\t\t<\/div>\n\t\t\t\t\t<\/div>\n\t\t\t\t<\/div>\n\t\t<div class=\"elementor-element elementor-element-55ff22b e-flex e-con-boxed e-con e-parent\" data-id=\"55ff22b\" data-element_type=\"container\" data-e-type=\"container\">\n\t\t\t\t\t<div class=\"e-con-inner\">\n\t\t\t\t<div class=\"elementor-element elementor-element-f25db2e elementor-widget elementor-widget-text-editor\" data-id=\"f25db2e\" data-element_type=\"widget\" data-e-type=\"widget\" data-widget_type=\"text-editor.default\">\n\t\t\t\t\t\t\t\t\t<h2>Con\u021binuturi \u0219i puncte centrale<\/h2><p>Educa\u021bia fizic\u0103 acoper\u0103 toate cele \u0219apte domenii de mi\u0219care \u0219i este structurat\u0103 \u00een func\u021bie de v\u00e2rst\u0103, juc\u0103u\u0219 \u0219i din ce \u00een ce mai mult orientat\u0103 spre competen\u021be:<\/p><p><strong>Jocuri<\/strong><\/p><ul><li>jocuri sportive mici \u0219i mari<\/li><li>jocuri cooperative \u0219i jocuri de echip\u0103<\/li><li>dezvoltarea corectitudinii, a con\u0219tientiz\u0103rii regulilor \u0219i a capacit\u0103\u021bii de lucru \u00een echip\u0103<\/li><\/ul><p><strong><br>Gimnastic\u0103<\/strong><\/p><ul><li>forme de mi\u0219care de baz\u0103 \u00een gimnastic\u0103<\/li><li>rostogoliri, s\u0103rituri, echilibrare, c\u0103\u021b\u0103rare<\/li><li>trasee cu aparate \u0219i gimnastic\u0103 la sol<\/li><\/ul><p><strong><br>Alergare, s\u0103rituri, aruncare<\/strong><\/p><ul><li>forme atletice de baz\u0103<\/li><li>rezisten\u021b\u0103, vitez\u0103 \u0219i coordonare<\/li><li>preg\u0103tirea \u0219i participarea la competi\u021bii sportive<\/li><\/ul><p><strong><br>\u00cenot<\/strong><\/p><ul><li>familiarizarea cu apa \u0219i siguran\u021ba \u00een ap\u0103<\/li><li>\u00eenv\u0103\u021barea tehnicilor de baz\u0103 de \u00eenot<\/li><li>ob\u021binerea de insigne de \u00eenot<\/li><\/ul><p><strong><br>Ritm, modelare, dans<\/strong><\/p><ul><li>mi\u0219care pe muzic\u0103<\/li><li>modelare ritmic\u0103 \u0219i coregrafic\u0103<\/li><li>exprimarea \u0219i prezentarea formelor de mi\u0219care<\/li><\/ul><p><strong><br>Lupt\u0103 \u0219i box<\/strong><\/p><ul><li>forme juc\u0103u\u0219e de lupt\u0103 unu-la-unu<\/li><li>percep\u021bia propriilor limite<\/li><li>corectitudine, acceptarea regulilor \u0219i autocontrol<\/li><\/ul><p><strong><br>Rostogolire, alunecare, conducere<\/strong><\/p><ul><li>manipularea echipamentelor de rulare \u0219i conducere (de exemplu, skateboard, patine inline)<\/li><li>siguran\u021b\u0103, echilibru \u0219i coordonare<\/li><li>ac\u021biune responsabil\u0103 \u00een spa\u021biul de mi\u0219care<\/li><\/ul><h2>\u00cenv\u0103\u021bare prin mi\u0219care \u0219i experien\u021b\u0103<\/h2><p>Educa\u021bia fizic\u0103 este orientat\u0103 spre ac\u021biune \u0219i experien\u021b\u0103. Copiii acumuleaz\u0103 diverse experien\u021be de mi\u0219care, mai ales sub form\u0103 de joc. \u00cen acest proces, at\u00e2t abilit\u0103\u021bile motorii, c\u00e2t \u0219i competen\u021bele sociale \u0219i personale sunt promovate \u00een mod specific, cum ar fi:  <\/p><ul><li>Cooperare \u0219i comunicare<\/li><li>Sim\u021bul responsabilit\u0103\u021bii<\/li><li>Gestionarea succesului \u0219i a e\u0219ecului<\/li><li>\u00cencredere \u00een sine \u0219i perseveren\u021b\u0103<\/li><\/ul><p>Mi\u0219carea este, de asemenea, ferm ancorat\u0103 \u00een via\u021ba \u0219colar\u0103 de zi cu zi, printre altele prin perioade de mi\u0219care, cluburi sportive, zile de alergare, Jocuri Federale pentru Tineret \u0219i competi\u021bii sportive \u0219colare.<\/p><h2>Diferen\u021biere, siguran\u021b\u0103 \u0219i evaluare<\/h2><p>Educa\u021bia fizic\u0103 ia \u00een considerare diferitele condi\u021bii fizice ale copiilor prin:<\/p><ul><li>control individual al efortului<\/li><li>sarcini adaptate<\/li><li>forme diferen\u021biate de joc \u0219i exerci\u021bii<\/li><\/ul><p>Siguran\u021ba, con\u0219tientizarea regulilor \u0219i considera\u021bia reciproc\u0103 au \u00eentotdeauna o importan\u021b\u0103 deosebit\u0103. Evaluarea performan\u021bei se bazeaz\u0103 \u00een principal pe participarea activ\u0103, progresul personal \u00een \u00eenv\u0103\u021bare, precum \u0219i pe comportamentul social \u00een clas\u0103. <\/p><h2>Scopul educa\u021biei fizice<\/h2><p>Scopul este ca elevii s\u0103 dezvolte pl\u0103cere pentru mi\u0219care, s\u0103-\u0219i \u00eent\u0103reasc\u0103 abilit\u0103\u021bile fizice \u0219i s\u0103 \u00eenve\u021be s\u0103 se mi\u0219te corect, responsabil \u0219i independent \u00een interac\u021biunea sportiv\u0103 \u2013 ca baz\u0103 pentru s\u0103n\u0103tate, bun\u0103stare \u0219i pl\u0103cere de a se mi\u0219ca pe tot parcursul vie\u021bii.<\/p><p> <\/p>\t\t\t\t\t\t\t\t<\/div>\n\t\t\t\t\t<\/div>\n\t\t\t\t<\/div>\n\t\t<div class=\"elementor-element elementor-element-ecfbff7 e-flex e-con-boxed e-con e-parent\" data-id=\"ecfbff7\" data-element_type=\"container\" data-e-type=\"container\">\n\t\t\t\t\t<div class=\"e-con-inner\">\n\t\t\t\t<div class=\"elementor-element elementor-element-886dcc8 elementor-widget elementor-widget-shortcode\" data-id=\"886dcc8\" data-element_type=\"widget\" data-e-type=\"widget\" data-widget_type=\"shortcode.default\">\n\t\t\t\t\t\t\t<div class=\"elementor-shortcode\">\t\t<div data-elementor-type=\"container\" data-elementor-id=\"6904\" class=\"elementor elementor-6904 elementor-5610 elementor-5610\" data-elementor-post-type=\"elementor_library\">\n\t\t\t\t<div class=\"elementor-element elementor-element-5c5ef64 e-flex e-con-boxed e-con e-parent\" data-id=\"5c5ef64\" data-element_type=\"container\" data-e-type=\"container\">\n\t\t\t\t\t<div class=\"e-con-inner\">\n\t\t<div class=\"elementor-element elementor-element-9d1a262 e-con-full e-flex e-con e-child\" data-id=\"9d1a262\" data-element_type=\"container\" data-e-type=\"container\">\n\t\t\t\t<div class=\"elementor-element elementor-element-18bf6f4 elementor-widget elementor-widget-image\" data-id=\"18bf6f4\" data-element_type=\"widget\" data-e-type=\"widget\" data-widget_type=\"image.default\">\n\t\t\t\t\t\t\t\t\t\t\t\t<figure class=\"wp-caption\">\n\t\t\t\t\t\t\t\t\t\t\t<a href=\"https:\/\/fehrsschule.de\/fachcurricula\/fachcurricula-deutsch\/\">\n\t\t\t\t\t\t\t<img fetchpriority=\"high\" decoding=\"async\" width=\"512\" height=\"512\" src=\"https:\/\/fehrsschule.de\/wp-content\/uploads\/2025\/12\/Deutsch.png\" class=\"attachment-full size-full wp-image-6625\" alt=\"Fachcurriculum f\u00fcr den Deutschunterricht\" srcset=\"https:\/\/fehrsschule.de\/wp-content\/uploads\/2025\/12\/Deutsch.png 512w, https:\/\/fehrsschule.de\/wp-content\/uploads\/2025\/12\/Deutsch-300x300.png 300w, https:\/\/fehrsschule.de\/wp-content\/uploads\/2025\/12\/Deutsch-150x150.png 150w\" sizes=\"(max-width: 512px) 100vw, 512px\" \/>\t\t\t\t\t\t\t\t<\/a>\n\t\t\t\t\t\t\t\t\t\t\t<figcaption class=\"widget-image-caption wp-caption-text\">German<\/figcaption>\n\t\t\t\t\t\t\t\t\t\t<\/figure>\n\t\t\t\t\t\t\t\t\t<\/div>\n\t\t\t\t<\/div>\n\t\t<div class=\"elementor-element elementor-element-4f1b702 e-con-full e-flex e-con e-child\" data-id=\"4f1b702\" data-element_type=\"container\" data-e-type=\"container\">\n\t\t\t\t<div class=\"elementor-element elementor-element-2c48414 elementor-widget elementor-widget-image\" data-id=\"2c48414\" data-element_type=\"widget\" data-e-type=\"widget\" data-widget_type=\"image.default\">\n\t\t\t\t\t\t\t\t\t\t\t\t<figure class=\"wp-caption\">\n\t\t\t\t\t\t\t\t\t\t\t<a href=\"https:\/\/fehrsschule.de\/fachcurricula\/fachcurricula-mathematik\/\">\n\t\t\t\t\t\t\t<img decoding=\"async\" width=\"512\" height=\"512\" src=\"https:\/\/fehrsschule.de\/wp-content\/uploads\/2025\/12\/Mathematik.png\" class=\"attachment-full size-full wp-image-6624\" alt=\"Fachcurriculum f\u00fcr Mathematik Unterricht\" srcset=\"https:\/\/fehrsschule.de\/wp-content\/uploads\/2025\/12\/Mathematik.png 512w, https:\/\/fehrsschule.de\/wp-content\/uploads\/2025\/12\/Mathematik-300x300.png 300w, https:\/\/fehrsschule.de\/wp-content\/uploads\/2025\/12\/Mathematik-150x150.png 150w\" sizes=\"(max-width: 512px) 100vw, 512px\" \/>\t\t\t\t\t\t\t\t<\/a>\n\t\t\t\t\t\t\t\t\t\t\t<figcaption class=\"widget-image-caption wp-caption-text\">Matematic\u0103<\/figcaption>\n\t\t\t\t\t\t\t\t\t\t<\/figure>\n\t\t\t\t\t\t\t\t\t<\/div>\n\t\t\t\t<\/div>\n\t\t<div class=\"elementor-element elementor-element-ef17676 e-con-full e-flex e-con e-child\" data-id=\"ef17676\" data-element_type=\"container\" data-e-type=\"container\">\n\t\t\t\t<div class=\"elementor-element elementor-element-5c927a9 elementor-widget elementor-widget-image\" data-id=\"5c927a9\" data-element_type=\"widget\" data-e-type=\"widget\" data-widget_type=\"image.default\">\n\t\t\t\t\t\t\t\t\t\t\t\t<figure class=\"wp-caption\">\n\t\t\t\t\t\t\t\t\t\t\t<a href=\"https:\/\/fehrsschule.de\/fachcurricula\/fachcurricula-sachunterricht-su\/\">\n\t\t\t\t\t\t\t<img decoding=\"async\" width=\"512\" height=\"512\" src=\"https:\/\/fehrsschule.de\/wp-content\/uploads\/2025\/12\/Sachunterricht.png\" class=\"attachment-full size-full wp-image-6627\" alt=\"f\u00fcr den Sachunterricht\" srcset=\"https:\/\/fehrsschule.de\/wp-content\/uploads\/2025\/12\/Sachunterricht.png 512w, https:\/\/fehrsschule.de\/wp-content\/uploads\/2025\/12\/Sachunterricht-300x300.png 300w, https:\/\/fehrsschule.de\/wp-content\/uploads\/2025\/12\/Sachunterricht-150x150.png 150w\" sizes=\"(max-width: 512px) 100vw, 512px\" \/>\t\t\t\t\t\t\t\t<\/a>\n\t\t\t\t\t\t\t\t\t\t\t<figcaption class=\"widget-image-caption wp-caption-text\">\u015etiin\u0163\u0103<\/figcaption>\n\t\t\t\t\t\t\t\t\t\t<\/figure>\n\t\t\t\t\t\t\t\t\t<\/div>\n\t\t\t\t<\/div>\n\t\t<div class=\"elementor-element elementor-element-45ea368 e-con-full e-flex e-con e-child\" data-id=\"45ea368\" data-element_type=\"container\" data-e-type=\"container\">\n\t\t\t\t<div class=\"elementor-element elementor-element-24a8502 elementor-widget elementor-widget-image\" data-id=\"24a8502\" data-element_type=\"widget\" data-e-type=\"widget\" data-widget_type=\"image.default\">\n\t\t\t\t\t\t\t\t\t\t\t\t<figure class=\"wp-caption\">\n\t\t\t\t\t\t\t\t\t\t\t<a href=\"https:\/\/fehrsschule.de\/fachcurricula\/fachcurricula-musik\/\">\n\t\t\t\t\t\t\t<img loading=\"lazy\" decoding=\"async\" width=\"512\" height=\"512\" src=\"https:\/\/fehrsschule.de\/wp-content\/uploads\/2025\/12\/Musik.png\" class=\"attachment-full size-full wp-image-6626\" alt=\"Fachcurriculum f\u00fcr den Musikunterricht\" srcset=\"https:\/\/fehrsschule.de\/wp-content\/uploads\/2025\/12\/Musik.png 512w, https:\/\/fehrsschule.de\/wp-content\/uploads\/2025\/12\/Musik-300x300.png 300w, https:\/\/fehrsschule.de\/wp-content\/uploads\/2025\/12\/Musik-150x150.png 150w\" sizes=\"(max-width: 512px) 100vw, 512px\" \/>\t\t\t\t\t\t\t\t<\/a>\n\t\t\t\t\t\t\t\t\t\t\t<figcaption class=\"widget-image-caption wp-caption-text\">Muzic\u0103<\/figcaption>\n\t\t\t\t\t\t\t\t\t\t<\/figure>\n\t\t\t\t\t\t\t\t\t<\/div>\n\t\t\t\t<\/div>\n\t\t<div class=\"elementor-element elementor-element-169c3b7 e-con-full e-flex e-con e-child\" data-id=\"169c3b7\" data-element_type=\"container\" data-e-type=\"container\">\n\t\t\t\t<div class=\"elementor-element elementor-element-2dc016e elementor-widget elementor-widget-image\" data-id=\"2dc016e\" data-element_type=\"widget\" data-e-type=\"widget\" data-widget_type=\"image.default\">\n\t\t\t\t\t\t\t\t\t\t\t\t<figure class=\"wp-caption\">\n\t\t\t\t\t\t\t\t\t\t\t<a href=\"https:\/\/fehrsschule.de\/fachcurricula\/fachcurricula-sportunterricht\/\">\n\t\t\t\t\t\t\t<img loading=\"lazy\" decoding=\"async\" width=\"512\" height=\"512\" src=\"https:\/\/fehrsschule.de\/wp-content\/uploads\/2025\/12\/Sport.png\" class=\"attachment-full size-full wp-image-6628\" alt=\"Fachcurriculum f\u00fcr den Sportunterricht\" srcset=\"https:\/\/fehrsschule.de\/wp-content\/uploads\/2025\/12\/Sport.png 512w, https:\/\/fehrsschule.de\/wp-content\/uploads\/2025\/12\/Sport-300x300.png 300w, https:\/\/fehrsschule.de\/wp-content\/uploads\/2025\/12\/Sport-150x150.png 150w\" sizes=\"(max-width: 512px) 100vw, 512px\" \/>\t\t\t\t\t\t\t\t<\/a>\n\t\t\t\t\t\t\t\t\t\t\t<figcaption class=\"widget-image-caption wp-caption-text\">Sport<\/figcaption>\n\t\t\t\t\t\t\t\t\t\t<\/figure>\n\t\t\t\t\t\t\t\t\t<\/div>\n\t\t\t\t<\/div>\n\t\t<div class=\"elementor-element elementor-element-d9aef37 e-con-full e-flex e-con e-child\" data-id=\"d9aef37\" data-element_type=\"container\" data-e-type=\"container\">\n\t\t\t\t<div class=\"elementor-element elementor-element-1cf6eb7 elementor-widget elementor-widget-image\" data-id=\"1cf6eb7\" data-element_type=\"widget\" data-e-type=\"widget\" data-widget_type=\"image.default\">\n\t\t\t\t\t\t\t\t\t\t\t\t<figure class=\"wp-caption\">\n\t\t\t\t\t\t\t\t\t\t\t<a href=\"https:\/\/fehrsschule.de\/fachcurricula\/fachcurricula-kunstunterricht\/\">\n\t\t\t\t\t\t\t<img loading=\"lazy\" decoding=\"async\" width=\"512\" height=\"512\" src=\"https:\/\/fehrsschule.de\/wp-content\/uploads\/2025\/12\/Kunst.png\" class=\"attachment-full size-full wp-image-6629\" alt=\"Fachcurriculum f\u00fcr den Kunstunterricht\" srcset=\"https:\/\/fehrsschule.de\/wp-content\/uploads\/2025\/12\/Kunst.png 512w, https:\/\/fehrsschule.de\/wp-content\/uploads\/2025\/12\/Kunst-300x300.png 300w, https:\/\/fehrsschule.de\/wp-content\/uploads\/2025\/12\/Kunst-150x150.png 150w\" sizes=\"(max-width: 512px) 100vw, 512px\" \/>\t\t\t\t\t\t\t\t<\/a>\n\t\t\t\t\t\t\t\t\t\t\t<figcaption class=\"widget-image-caption wp-caption-text\">Art\u0103<\/figcaption>\n\t\t\t\t\t\t\t\t\t\t<\/figure>\n\t\t\t\t\t\t\t\t\t<\/div>\n\t\t\t\t<\/div>\n\t\t<div class=\"elementor-element elementor-element-858ffe1 e-con-full e-flex e-con e-child\" data-id=\"858ffe1\" data-element_type=\"container\" data-e-type=\"container\">\n\t\t\t\t<div class=\"elementor-element elementor-element-a83dafa elementor-widget elementor-widget-image\" data-id=\"a83dafa\" data-element_type=\"widget\" data-e-type=\"widget\" data-widget_type=\"image.default\">\n\t\t\t\t\t\t\t\t\t\t\t\t<figure class=\"wp-caption\">\n\t\t\t\t\t\t\t\t\t\t\t<a href=\"https:\/\/fehrsschule.de\/fachcurricula\/fachcurricula-religion\/\">\n\t\t\t\t\t\t\t<img loading=\"lazy\" decoding=\"async\" width=\"512\" height=\"512\" src=\"https:\/\/fehrsschule.de\/wp-content\/uploads\/2025\/12\/Religion.png\" class=\"attachment-full size-full wp-image-6630\" alt=\"Fachcurriculum f\u00fcr Religionsunterricht\" srcset=\"https:\/\/fehrsschule.de\/wp-content\/uploads\/2025\/12\/Religion.png 512w, https:\/\/fehrsschule.de\/wp-content\/uploads\/2025\/12\/Religion-300x300.png 300w, https:\/\/fehrsschule.de\/wp-content\/uploads\/2025\/12\/Religion-150x150.png 150w\" sizes=\"(max-width: 512px) 100vw, 512px\" \/>\t\t\t\t\t\t\t\t<\/a>\n\t\t\t\t\t\t\t\t\t\t\t<figcaption class=\"widget-image-caption wp-caption-text\">Curriculumul de studii religioase<\/figcaption>\n\t\t\t\t\t\t\t\t\t\t<\/figure>\n\t\t\t\t\t\t\t\t\t<\/div>\n\t\t\t\t<\/div>\n\t\t\t\t\t<\/div>\n\t\t\t\t<\/div>\n\t\t\t\t<\/div>\n\t\t<\/div>\n\t\t\t\t\t\t<\/div>\n\t\t\t\t\t<\/div>\n\t\t\t\t<\/div>\n\t\t\t\t<\/div>\n\t\t","protected":false},"excerpt":{"rendered":"<p>Sportul la \u0218coala Johann-Hinrich-Fehrs Educa\u021bia fizic\u0103 de la \u0218coala Johann-Hinrich-Fehrs aduce o contribu\u021bie important\u0103 la dezvoltarea fizic\u0103, social\u0103 \u0219i personal\u0103 a elevilor. Mi\u0219carea, jocul \u0219i sportul le permit copiilor s\u0103-\u0219i perceap\u0103 corpul \u00een mod con\u0219tient, s\u0103-\u0219i dezvolte abilit\u0103\u021bile motorii \u0219i s\u0103 aib\u0103 experien\u021be pozitive cu performan\u021ba, cooperarea \u0219i corectitudinea. Lec\u021biile se bazeaz\u0103 pe cerin\u021bele de [&hellip;]<\/p>\n","protected":false},"author":1,"featured_media":0,"parent":6622,"menu_order":4,"comment_status":"closed","ping_status":"closed","template":"","meta":{"footnotes":""},"class_list":["post-7534","page","type-page","status-publish","hentry"],"_links":{"self":[{"href":"https:\/\/fehrsschule.de\/ro\/wp-json\/wp\/v2\/pages\/7534","targetHints":{"allow":["GET"]}}],"collection":[{"href":"https:\/\/fehrsschule.de\/ro\/wp-json\/wp\/v2\/pages"}],"about":[{"href":"https:\/\/fehrsschule.de\/ro\/wp-json\/wp\/v2\/types\/page"}],"author":[{"embeddable":true,"href":"https:\/\/fehrsschule.de\/ro\/wp-json\/wp\/v2\/users\/1"}],"replies":[{"embeddable":true,"href":"https:\/\/fehrsschule.de\/ro\/wp-json\/wp\/v2\/comments?post=7534"}],"version-history":[{"count":0,"href":"https:\/\/fehrsschule.de\/ro\/wp-json\/wp\/v2\/pages\/7534\/revisions"}],"up":[{"embeddable":true,"href":"https:\/\/fehrsschule.de\/ro\/wp-json\/wp\/v2\/pages\/6622"}],"wp:attachment":[{"href":"https:\/\/fehrsschule.de\/ro\/wp-json\/wp\/v2\/media?parent=7534"}],"curies":[{"name":"wp","href":"https:\/\/api.w.org\/{rel}","templated":true}]}}